{"id":586,"date":"2020-09-02T20:34:49","date_gmt":"2020-09-02T18:34:49","guid":{"rendered":"https:\/\/www.grainsdepossible.fr\/?page_id=586"},"modified":"2026-02-02T18:38:41","modified_gmt":"2026-02-02T17:38:41","slug":"memoire-cellulaire-2","status":"publish","type":"page","link":"https:\/\/www.grainsdepossible.fr\/index.php\/memoire-cellulaire-2\/","title":{"rendered":"La m\u00e9moire cellulaire"},"content":{"rendered":"<div class=\"wp-block-image is-style-rounded\">\n<figure class=\"aligncenter size-medium\"><img decoding=\"async\" loading=\"lazy\" width=\"231\" height=\"300\" src=\"https:\/\/www.grainsdepossible.fr\/wp-content\/uploads\/2020\/09\/orchi-231x300.jpg\" alt=\"\" class=\"wp-image-599\" srcset=\"https:\/\/www.grainsdepossible.fr\/wp-content\/uploads\/2020\/09\/orchi-231x300.jpg 231w, https:\/\/www.grainsdepossible.fr\/wp-content\/uploads\/2020\/09\/orchi.jpg 617w\" sizes=\"(max-width: 231px) 100vw, 231px\" \/><\/figure><\/div>\n\n\n<h2 class=\"wp-block-heading has-text-color\" style=\"color:#572b7f\">La m\u00e9moire du corps<\/h2>\n\n\n\n<h3 class=\"wp-block-heading has-text-color\" style=\"color:#572b7f\">Une invitation \u00e0 l&rsquo;\u00e9coute de soi<\/h3>\n\n\n\n<p class=\"has-medium-font-size\">Il nous arrive de nous sentir pris dans des r\u00e9actions qui se r\u00e9p\u00e8tent, des \u00e9motions qui d\u00e9bordent, ou des situations qui semblent revenir sous des formes diff\u00e9rentes. Comme si le corps savait quelque chose que la pens\u00e9e ne formule pas encore.<\/p>\n\n\n\n<h3 class=\"wp-block-heading has-text-color\" style=\"color:#572b7f\">Une invitation \u00e0 exp\u00e9rimenter et \u00e0 ouvrir des possibles<\/h3>\n\n\n\n<p class=\"has-medium-font-size\">Le corps, par ses sensations, devient un guide pour d\u00e9couvrir ce qui demande \u00e0 \u00eatre entendu. Il offre un point d\u2019ancrage pour mieux se conna\u00eetre et s\u2019ouvrir \u00e0 de nouvelles exp\u00e9riences.<\/p>\n\n\n\n<p class=\"has-medium-font-size\">Les s\u00e9ances offrent un espace pour \u00e9couter, sentir et exp\u00e9rimenter selon ce qui r\u00e9sonne pour soi.  En ralentissant, et en portant attention aux sensations, chacun peut observer ses habitudes, reconna\u00eetre ses modes de protection, et tester de nouvelles mani\u00e8res de se mouvoir, respirer, se tenir. Mettre des mots sur ce que l&rsquo;on ressent permet de prendre conscience de sa mani\u00e8re d\u2019\u00eatre au monde et d&rsquo;explorer de nouvelles possibilit\u00e9s.<\/p>\n\n\n\n<p class=\"has-medium-font-size\">En mobilisant ses ressources et en laissant le corps s&rsquo;exprimer, de nouvelles fa\u00e7ons d&rsquo;habiter le corps peuvent appara\u00eetre naturellement. <\/p>\n\n\n\n<p class=\"has-medium-font-size\"><mark style=\"background-color:rgba(0, 0, 0, 0);color:#5200a3\" class=\"has-inline-color\">Cet accompagnement propose un espace d&rsquo;\u00e9coute, de parole et de r\u00e9flexion. Il ne rel\u00e8ve ni du soin m\u00e9dical ni de la psychoth\u00e9rapie, ne pose pas de diagnostic et ne se substitue pas \u00e0 un suivi de sant\u00e9. <\/mark><mark style=\"background-color:rgba(0, 0, 0, 0);color:#652d9a\" class=\"has-inline-color\"> <\/mark><\/p>\n\n\n\n<p><mark style=\"background-color:rgba(0, 0, 0, 0);color:#5200a3\" class=\"has-inline-color\">Isabelle Yon \u2013\u00a0<strong>Praticienne en m\u00e9moire cellulaire et formatrice<\/strong>\u00a0\u2013 Lille<\/mark><\/p>\n","protected":false},"excerpt":{"rendered":"<p>La m\u00e9moire du corps Une invitation \u00e0 l&rsquo;\u00e9coute de soi Il nous arrive de nous sentir pris dans des r\u00e9actions qui se r\u00e9p\u00e8tent, des \u00e9motions qui d\u00e9bordent, ou des situations qui semblent revenir sous des formes diff\u00e9rentes. Comme si le corps savait quelque chose que la pens\u00e9e ne formule pas encore. Une invitation \u00e0 exp\u00e9rimenter et \u00e0 ouvrir des possibles Le corps, par ses sensations, devient un guide pour d\u00e9couvrir ce qui demande \u00e0 \u00eatre entendu. Il offre un point&#8230;<\/p>\n<p class=\"read-more\"><a class=\"btn btn-default\" href=\"https:\/\/www.grainsdepossible.fr\/index.php\/memoire-cellulaire-2\/\">Lire la suite<span class=\"screen-reader-text\"> Lire la suite<\/span><\/a><\/p>\n","protected":false},"author":2,"featured_media":0,"parent":0,"menu_order":0,"comment_status":"closed","ping_status":"closed","template":"","meta":[],"yoast_head":"<!-- This site is optimized with the Yoast SEO plugin v18.6 - https:\/\/yoast.com\/wordpress\/plugins\/seo\/ -->\n<title>La m\u00e9moire cellulaire - Grains de Possible<\/title>\n<meta name=\"robots\" content=\"index, follow, max-snippet:-1, max-image-preview:large, max-video-preview:-1\" \/>\n<link rel=\"canonical\" href=\"https:\/\/www.grainsdepossible.fr\/index.php\/memoire-cellulaire-2\/\" \/>\n<meta property=\"og:locale\" content=\"fr_FR\" \/>\n<meta property=\"og:type\" content=\"article\" \/>\n<meta property=\"og:title\" content=\"La m\u00e9moire cellulaire - Grains de Possible\" \/>\n<meta property=\"og:description\" content=\"La m\u00e9moire du corps Une invitation \u00e0 l&rsquo;\u00e9coute de soi Il nous arrive de nous sentir pris dans des r\u00e9actions qui se r\u00e9p\u00e8tent, des \u00e9motions qui d\u00e9bordent, ou des situations qui semblent revenir sous des formes diff\u00e9rentes. Comme si le corps savait quelque chose que la pens\u00e9e ne formule pas encore. Une invitation \u00e0 exp\u00e9rimenter et \u00e0 ouvrir des possibles Le corps, par ses sensations, devient un guide pour d\u00e9couvrir ce qui demande \u00e0 \u00eatre entendu. Il offre un point...Lire la suite Lire la suite\" \/>\n<meta property=\"og:url\" content=\"https:\/\/www.grainsdepossible.fr\/index.php\/memoire-cellulaire-2\/\" \/>\n<meta property=\"og:site_name\" content=\"Grains de Possible\" \/>\n<meta property=\"article:publisher\" content=\"https:\/\/www.facebook.com\/profile.php?id=100016999153784\" \/>\n<meta property=\"article:modified_time\" content=\"2026-02-02T17:38:41+00:00\" \/>\n<meta property=\"og:image\" content=\"https:\/\/www.grainsdepossible.fr\/wp-content\/uploads\/2020\/09\/orchi-231x300.jpg\" \/>\n<meta name=\"twitter:card\" content=\"summary_large_image\" \/>\n<meta name=\"twitter:label1\" content=\"Dur\u00e9e de lecture estim\u00e9e\" \/>\n\t<meta name=\"twitter:data1\" content=\"2 minutes\" \/>\n<script type=\"application\/ld+json\" class=\"yoast-schema-graph\">{\"@context\":\"https:\/\/schema.org\",\"@graph\":[{\"@type\":\"WebSite\",\"@id\":\"https:\/\/www.grainsdepossible.fr\/#website\",\"url\":\"https:\/\/www.grainsdepossible.fr\/\",\"name\":\"Grains de Possible\",\"description\":\"\",\"potentialAction\":[{\"@type\":\"SearchAction\",\"target\":{\"@type\":\"EntryPoint\",\"urlTemplate\":\"https:\/\/www.grainsdepossible.fr\/?s={search_term_string}\"},\"query-input\":\"required name=search_term_string\"}],\"inLanguage\":\"fr-FR\"},{\"@type\":\"ImageObject\",\"@id\":\"https:\/\/www.grainsdepossible.fr\/index.php\/memoire-cellulaire-2\/#primaryimage\",\"inLanguage\":\"fr-FR\",\"url\":\"https:\/\/www.grainsdepossible.fr\/wp-content\/uploads\/2020\/09\/orchi.jpg\",\"contentUrl\":\"https:\/\/www.grainsdepossible.fr\/wp-content\/uploads\/2020\/09\/orchi.jpg\",\"width\":617,\"height\":803},{\"@type\":\"WebPage\",\"@id\":\"https:\/\/www.grainsdepossible.fr\/index.php\/memoire-cellulaire-2\/#webpage\",\"url\":\"https:\/\/www.grainsdepossible.fr\/index.php\/memoire-cellulaire-2\/\",\"name\":\"La m\u00e9moire cellulaire - Grains de Possible\",\"isPartOf\":{\"@id\":\"https:\/\/www.grainsdepossible.fr\/#website\"},\"primaryImageOfPage\":{\"@id\":\"https:\/\/www.grainsdepossible.fr\/index.php\/memoire-cellulaire-2\/#primaryimage\"},\"datePublished\":\"2020-09-02T18:34:49+00:00\",\"dateModified\":\"2026-02-02T17:38:41+00:00\",\"breadcrumb\":{\"@id\":\"https:\/\/www.grainsdepossible.fr\/index.php\/memoire-cellulaire-2\/#breadcrumb\"},\"inLanguage\":\"fr-FR\",\"potentialAction\":[{\"@type\":\"ReadAction\",\"target\":[\"https:\/\/www.grainsdepossible.fr\/index.php\/memoire-cellulaire-2\/\"]}]},{\"@type\":\"BreadcrumbList\",\"@id\":\"https:\/\/www.grainsdepossible.fr\/index.php\/memoire-cellulaire-2\/#breadcrumb\",\"itemListElement\":[{\"@type\":\"ListItem\",\"position\":1,\"name\":\"Home\",\"item\":\"https:\/\/www.grainsdepossible.fr\/\"},{\"@type\":\"ListItem\",\"position\":2,\"name\":\"La m\u00e9moire cellulaire\"}]}]}<\/script>\n<!-- \/ Yoast SEO plugin. -->","yoast_head_json":{"title":"La m\u00e9moire cellulaire - Grains de Possible","robots":{"index":"index","follow":"follow","max-snippet":"max-snippet:-1","max-image-preview":"max-image-preview:large","max-video-preview":"max-video-preview:-1"},"canonical":"https:\/\/www.grainsdepossible.fr\/index.php\/memoire-cellulaire-2\/","og_locale":"fr_FR","og_type":"article","og_title":"La m\u00e9moire cellulaire - Grains de Possible","og_description":"La m\u00e9moire du corps Une invitation \u00e0 l&rsquo;\u00e9coute de soi Il nous arrive de nous sentir pris dans des r\u00e9actions qui se r\u00e9p\u00e8tent, des \u00e9motions qui d\u00e9bordent, ou des situations qui semblent revenir sous des formes diff\u00e9rentes. Comme si le corps savait quelque chose que la pens\u00e9e ne formule pas encore. Une invitation \u00e0 exp\u00e9rimenter et \u00e0 ouvrir des possibles Le corps, par ses sensations, devient un guide pour d\u00e9couvrir ce qui demande \u00e0 \u00eatre entendu. Il offre un point...Lire la suite Lire la suite","og_url":"https:\/\/www.grainsdepossible.fr\/index.php\/memoire-cellulaire-2\/","og_site_name":"Grains de Possible","article_publisher":"https:\/\/www.facebook.com\/profile.php?id=100016999153784","article_modified_time":"2026-02-02T17:38:41+00:00","og_image":[{"url":"https:\/\/www.grainsdepossible.fr\/wp-content\/uploads\/2020\/09\/orchi-231x300.jpg"}],"twitter_card":"summary_large_image","twitter_misc":{"Dur\u00e9e de lecture estim\u00e9e":"2 minutes"},"schema":{"@context":"https:\/\/schema.org","@graph":[{"@type":"WebSite","@id":"https:\/\/www.grainsdepossible.fr\/#website","url":"https:\/\/www.grainsdepossible.fr\/","name":"Grains de Possible","description":"","potentialAction":[{"@type":"SearchAction","target":{"@type":"EntryPoint","urlTemplate":"https:\/\/www.grainsdepossible.fr\/?s={search_term_string}"},"query-input":"required name=search_term_string"}],"inLanguage":"fr-FR"},{"@type":"ImageObject","@id":"https:\/\/www.grainsdepossible.fr\/index.php\/memoire-cellulaire-2\/#primaryimage","inLanguage":"fr-FR","url":"https:\/\/www.grainsdepossible.fr\/wp-content\/uploads\/2020\/09\/orchi.jpg","contentUrl":"https:\/\/www.grainsdepossible.fr\/wp-content\/uploads\/2020\/09\/orchi.jpg","width":617,"height":803},{"@type":"WebPage","@id":"https:\/\/www.grainsdepossible.fr\/index.php\/memoire-cellulaire-2\/#webpage","url":"https:\/\/www.grainsdepossible.fr\/index.php\/memoire-cellulaire-2\/","name":"La m\u00e9moire cellulaire - Grains de Possible","isPartOf":{"@id":"https:\/\/www.grainsdepossible.fr\/#website"},"primaryImageOfPage":{"@id":"https:\/\/www.grainsdepossible.fr\/index.php\/memoire-cellulaire-2\/#primaryimage"},"datePublished":"2020-09-02T18:34:49+00:00","dateModified":"2026-02-02T17:38:41+00:00","breadcrumb":{"@id":"https:\/\/www.grainsdepossible.fr\/index.php\/memoire-cellulaire-2\/#breadcrumb"},"inLanguage":"fr-FR","potentialAction":[{"@type":"ReadAction","target":["https:\/\/www.grainsdepossible.fr\/index.php\/memoire-cellulaire-2\/"]}]},{"@type":"BreadcrumbList","@id":"https:\/\/www.grainsdepossible.fr\/index.php\/memoire-cellulaire-2\/#breadcrumb","itemListElement":[{"@type":"ListItem","position":1,"name":"Home","item":"https:\/\/www.grainsdepossible.fr\/"},{"@type":"ListItem","position":2,"name":"La m\u00e9moire cellulaire"}]}]}},"_links":{"self":[{"href":"https:\/\/www.grainsdepossible.fr\/index.php\/wp-json\/wp\/v2\/pages\/586"}],"collection":[{"href":"https:\/\/www.grainsdepossible.fr\/index.php\/wp-json\/wp\/v2\/pages"}],"about":[{"href":"https:\/\/www.grainsdepossible.fr\/index.php\/wp-json\/wp\/v2\/types\/page"}],"author":[{"embeddable":true,"href":"https:\/\/www.grainsdepossible.fr\/index.php\/wp-json\/wp\/v2\/users\/2"}],"replies":[{"embeddable":true,"href":"https:\/\/www.grainsdepossible.fr\/index.php\/wp-json\/wp\/v2\/comments?post=586"}],"version-history":[{"count":75,"href":"https:\/\/www.grainsdepossible.fr\/index.php\/wp-json\/wp\/v2\/pages\/586\/revisions"}],"predecessor-version":[{"id":1554,"href":"https:\/\/www.grainsdepossible.fr\/index.php\/wp-json\/wp\/v2\/pages\/586\/revisions\/1554"}],"wp:attachment":[{"href":"https:\/\/www.grainsdepossible.fr\/index.php\/wp-json\/wp\/v2\/media?parent=586"}],"curies":[{"name":"wp","href":"https:\/\/api.w.org\/{rel}","templated":true}]}}